{"id":3499,"date":"2022-02-17T15:12:01","date_gmt":"2022-02-17T15:12:01","guid":{"rendered":"https:\/\/www.beatrizguerrapsicologia.es\/?page_id=3499"},"modified":"2024-02-22T15:47:05","modified_gmt":"2024-02-22T15:47:05","slug":"cv-2","status":"publish","type":"page","link":"https:\/\/www.beatrizguerrapsicologia.es\/?page_id=3499","title":{"rendered":"Cv"},"content":{"rendered":"\t\t<div data-elementor-type=\"wp-page\" data-elementor-id=\"3499\" class=\"elementor elementor-3499\" data-elementor-post-type=\"page\">\n\t\t\t\t\t\t<section class=\"elementor-section elementor-top-section elementor-element elementor-element-4866227 elementor-section-full_width elementor-section-stretched elementor-section-height-default elementor-section-height-default\" data-id=\"4866227\" data-element_type=\"section\" data-e-type=\"section\" data-settings=\"{&quot;stretch_section&quot;:&quot;section-stretched&quot;}\">\n\t\t\t\t\t\t<div class=\"elementor-container elementor-column-gap-default\">\n\t\t\t\t\t<div class=\"elementor-column elementor-col-100 elementor-top-column elementor-element elementor-element-2605755\" data-id=\"2605755\" data-element_type=\"column\" data-e-type=\"column\">\n\t\t\t<div class=\"elementor-widget-wrap elementor-element-populated\">\n\t\t\t\t\t\t<div class=\"elementor-element elementor-element-9f92f7e elementor-widget elementor-widget-heading\" data-id=\"9f92f7e\" data-element_type=\"widget\" data-e-type=\"widget\" data-widget_type=\"heading.default\">\n\t\t\t\t<div class=\"elementor-widget-container\">\n\t\t\t\t\t<h2 class=\"elementor-heading-title elementor-size-default\"><b>CURRICULUM VITAE<\/b><\/h2>\t\t\t\t<\/div>\n\t\t\t\t<\/div>\n\t\t\t\t\t<\/div>\n\t\t<\/div>\n\t\t\t\t\t<\/div>\n\t\t<\/section>\n\t\t\t\t<section class=\"elementor-section elementor-top-section elementor-element elementor-element-98cf684 elementor-section-full_width elementor-section-stretched elementor-section-height-default elementor-section-height-default\" data-id=\"98cf684\" data-element_type=\"section\" data-e-type=\"section\" data-settings=\"{&quot;stretch_section&quot;:&quot;section-stretched&quot;,&quot;shape_divider_bottom&quot;:&quot;opacity-fan&quot;}\">\n\t\t\t\t\t<div class=\"elementor-shape elementor-shape-bottom\" aria-hidden=\"true\" data-negative=\"false\">\n\t\t\t<svg xmlns=\"http:\/\/www.w3.org\/2000\/svg\" viewBox=\"0 0 283.5 19.6\" preserveAspectRatio=\"none\">\n\t<path class=\"elementor-shape-fill\" style=\"opacity:0.33\" d=\"M0 0L0 18.8 141.8 4.1 283.5 18.8 283.5 0z\"\/>\n\t<path class=\"elementor-shape-fill\" style=\"opacity:0.33\" d=\"M0 0L0 12.6 141.8 4 283.5 12.6 283.5 0z\"\/>\n\t<path class=\"elementor-shape-fill\" style=\"opacity:0.33\" d=\"M0 0L0 6.4 141.8 4 283.5 6.4 283.5 0z\"\/>\n\t<path class=\"elementor-shape-fill\" d=\"M0 0L0 1.2 141.8 4 283.5 1.2 283.5 0z\"\/>\n<\/svg>\t\t<\/div>\n\t\t\t\t\t<div class=\"elementor-container elementor-column-gap-default\">\n\t\t\t\t\t<div class=\"elementor-column elementor-col-100 elementor-top-column elementor-element elementor-element-fb9f52a\" data-id=\"fb9f52a\" data-element_type=\"column\" data-e-type=\"column\">\n\t\t\t<div class=\"elementor-widget-wrap elementor-element-populated\">\n\t\t\t\t\t\t<div class=\"elementor-element elementor-element-bba231b elementor-widget elementor-widget-heading\" data-id=\"bba231b\" data-element_type=\"widget\" data-e-type=\"widget\" data-widget_type=\"heading.default\">\n\t\t\t\t<div class=\"elementor-widget-container\">\n\t\t\t\t\t<h2 class=\"elementor-heading-title elementor-size-default\"><b>FORMACI\u00d3N ACAD\u00c9MICA<\/b><\/h2>\t\t\t\t<\/div>\n\t\t\t\t<\/div>\n\t\t\t\t\t<\/div>\n\t\t<\/div>\n\t\t\t\t\t<\/div>\n\t\t<\/section>\n\t\t\t\t<section class=\"elementor-section elementor-top-section elementor-element elementor-element-896219c elementor-section-boxed elementor-section-height-default elementor-section-height-default\" data-id=\"896219c\" data-element_type=\"section\" data-e-type=\"section\">\n\t\t\t\t\t\t<div class=\"elementor-container elementor-column-gap-default\">\n\t\t\t\t\t<div class=\"elementor-column elementor-col-100 elementor-top-column elementor-element elementor-element-ed77782\" data-id=\"ed77782\" data-element_type=\"column\" data-e-type=\"column\">\n\t\t\t<div class=\"elementor-widget-wrap elementor-element-populated\">\n\t\t\t\t\t\t<div class=\"elementor-element elementor-element-fcd758c elementor-widget elementor-widget-text-editor\" data-id=\"fcd758c\" data-element_type=\"widget\" data-e-type=\"widget\" data-widget_type=\"text-editor.default\">\n\t\t\t\t<div class=\"elementor-widget-container\">\n\t\t\t\t\t\t\t\t\t<p class=\"MsoNormal\" style=\"line-height: normal; margin: 6.0pt 0cm 6.0pt 0cm;\">1995-2000. <b>Licenciada en Psicolog\u00eda.<\/b> Universidad de Santiago de Compostela. Habilitaci\u00f3n Sanitaria.<\/p><p class=\"MsoNormal\" style=\"line-height: normal; margin: 6.0pt 0cm 6.0pt 0cm;\">2001-2003.\u00a0 <b>Programa de doctorado <\/b>en el departamento de Personalidad, Evaluaci\u00f3n y Tratamiento Psicol\u00f3gicos.<\/p><p class=\"MsoNormal\" style=\"line-height: normal; margin: 6.0pt 0cm 6.0pt 0cm;\">2009-2014. <b>Terapeuta Familiar.<\/b> Homologado por la Federaci\u00f3n Espa\u00f1ola de Terapeutas Familiares.<\/p><p class=\"MsoNormal\" style=\"line-height: normal; margin: 6.0pt 0cm 6.0pt 0cm;\">2019-2021. <b>Nivel I y II EMDR<\/b> <b>adultos.\u00a0<\/b><\/p><p>2021. <strong>Nivel I EMDR ni\u00f1os.<\/strong>\u00a0<\/p>\t\t\t\t\t\t\t\t<\/div>\n\t\t\t\t<\/div>\n\t\t\t\t\t<\/div>\n\t\t<\/div>\n\t\t\t\t\t<\/div>\n\t\t<\/section>\n\t\t\t\t<section class=\"elementor-section elementor-top-section elementor-element elementor-element-3c41bb0 elementor-section-full_width elementor-section-stretched elementor-section-height-default elementor-section-height-default\" data-id=\"3c41bb0\" data-element_type=\"section\" data-e-type=\"section\" data-settings=\"{&quot;stretch_section&quot;:&quot;section-stretched&quot;,&quot;shape_divider_bottom&quot;:&quot;opacity-fan&quot;}\">\n\t\t\t\t\t<div class=\"elementor-shape elementor-shape-bottom\" aria-hidden=\"true\" data-negative=\"false\">\n\t\t\t<svg xmlns=\"http:\/\/www.w3.org\/2000\/svg\" viewBox=\"0 0 283.5 19.6\" preserveAspectRatio=\"none\">\n\t<path class=\"elementor-shape-fill\" style=\"opacity:0.33\" d=\"M0 0L0 18.8 141.8 4.1 283.5 18.8 283.5 0z\"\/>\n\t<path class=\"elementor-shape-fill\" style=\"opacity:0.33\" d=\"M0 0L0 12.6 141.8 4 283.5 12.6 283.5 0z\"\/>\n\t<path class=\"elementor-shape-fill\" style=\"opacity:0.33\" d=\"M0 0L0 6.4 141.8 4 283.5 6.4 283.5 0z\"\/>\n\t<path class=\"elementor-shape-fill\" d=\"M0 0L0 1.2 141.8 4 283.5 1.2 283.5 0z\"\/>\n<\/svg>\t\t<\/div>\n\t\t\t\t\t<div class=\"elementor-container elementor-column-gap-default\">\n\t\t\t\t\t<div class=\"elementor-column elementor-col-100 elementor-top-column elementor-element elementor-element-03cc2f9\" data-id=\"03cc2f9\" data-element_type=\"column\" data-e-type=\"column\">\n\t\t\t<div class=\"elementor-widget-wrap elementor-element-populated\">\n\t\t\t\t\t\t<div class=\"elementor-element elementor-element-39dd9f9 elementor-widget elementor-widget-heading\" data-id=\"39dd9f9\" data-element_type=\"widget\" data-e-type=\"widget\" data-widget_type=\"heading.default\">\n\t\t\t\t<div class=\"elementor-widget-container\">\n\t\t\t\t\t<h2 class=\"elementor-heading-title elementor-size-default\"><b>EXPERIENCIA PROFESIONAL<\/b><\/h2>\t\t\t\t<\/div>\n\t\t\t\t<\/div>\n\t\t\t\t\t<\/div>\n\t\t<\/div>\n\t\t\t\t\t<\/div>\n\t\t<\/section>\n\t\t\t\t<section class=\"elementor-section elementor-top-section elementor-element elementor-element-7e6f548 elementor-section-boxed elementor-section-height-default elementor-section-height-default\" data-id=\"7e6f548\" data-element_type=\"section\" data-e-type=\"section\">\n\t\t\t\t\t\t<div class=\"elementor-container elementor-column-gap-default\">\n\t\t\t\t\t<div class=\"elementor-column elementor-col-100 elementor-top-column elementor-element elementor-element-e2d3533\" data-id=\"e2d3533\" data-element_type=\"column\" data-e-type=\"column\">\n\t\t\t<div class=\"elementor-widget-wrap elementor-element-populated\">\n\t\t\t\t\t\t<div class=\"elementor-element elementor-element-e1d99eb elementor-widget elementor-widget-text-editor\" data-id=\"e1d99eb\" data-element_type=\"widget\" data-e-type=\"widget\" data-widget_type=\"text-editor.default\">\n\t\t\t\t<div class=\"elementor-widget-container\">\n\t\t\t\t\t\t\t\t\t<p style=\"line-height: normal; margin: 6.0pt 0cm 6.0pt 0cm;\">2019-2021.<b>Psic\u00f3loga en Chavert Psicolog\u00eda.<\/b> Funciones: Atenci\u00f3n a poblaci\u00f3n adulta e infantil. Colaboraci\u00f3n con el departamento de nutrici\u00f3n.<\/p><p style=\"line-height: normal; margin: 6.0pt 0cm 6.0pt 0cm;\">2018-2019. <b>Psic\u00f3loga en Centro de Informaci\u00f3n a la Mujer<\/b> del Ayuntamiento de A Pobra do Carami\u00f1al \/Ayuntamiento\u00a0de Cambre. Atenci\u00f3n psicol\u00f3gica individual y grupal a mujeres en situaci\u00f3n de violencia de g\u00e9nero.<\/p><p style=\"line-height: normal; margin: 6.0pt 0cm 6.0pt 0cm;\">2017. <b>Psic\u00f3loga en Asociaci\u00f3n Pro Sa\u00fade Mental A Creba( Noia).<\/b> Atenci\u00f3n psicol\u00f3gica individual y familiar.Realizaci\u00f3n de grupos psicoeducativos.<\/p><p style=\"line-height: normal; margin: 6.0pt 0cm 6.0pt 0cm;\">2016-2017 <b>Psic\u00f3loga en Gabinete Psicol\u00f3gico<\/b>.\u00a0 Atenci\u00f3n psicoeducativa a ni\u00f1os\/as y atenci\u00f3n psicol\u00f3gica. Atenci\u00f3n en el departamento de nutrici\u00f3n.<\/p><p style=\"line-height: normal; margin: 6.0pt 0cm 6.0pt 0cm;\">2015. <b>Directora -Psic\u00f3loga en Centro de Informaci\u00f3n a la mujer en Concello de Mondo\u00f1edo<\/b>. Atenci\u00f3n psicol\u00f3gica individual y grupal a mujeres en situaci\u00f3n de violencia de genero.<\/p><p style=\"line-height: normal; margin: 6.0pt 0cm 6.0pt 0cm;\">2012-2013. <b>Psic\u00f3loga-Educadora familiar en Concello de Curtis<\/b>( A Coru\u00f1a). Atenci\u00f3n a mujeres en situaci\u00f3n de violencia de g\u00e9nero. Atenci\u00f3n a familias en especial vulnerabilidad.<\/p><p style=\"line-height: normal; margin: 6.0pt 0cm 6.0pt 0cm;\"><span style=\"background-color: var(--base-3); color: var(--contrast);\">2010. <\/span><b style=\"background-color: var(--base-3); color: var(--contrast);\">Psic\u00f3loga\u00a0\u00a0Sanatorio Privado La Robleda<\/b><span style=\"background-color: var(--base-3); color: var(--contrast);\">. Atenci\u00f3n psicol\u00f3gica individual.<\/span><\/p><p style=\"line-height: normal; margin: 6.0pt 0cm 6.0pt 0cm;\"><span style=\"background-color: var(--base-3); color: var(--contrast);\">2009.<b> Psic\u00f3loga en Unidad de Prevenci\u00f3n y Atenci\u00f3n a\u00a0 Drogodependencias <\/b>de Ayuntamiento de Noia.\u00a0<\/span><\/p><p style=\"line-height: normal; margin: 6.0pt 0cm 6.0pt 0cm;\">\u00a0<\/p><p style=\"line-height: normal; margin: 6.0pt 0cm 6.0pt 0cm;\">2006-2009. <b>Asociaci\u00f3n TP-GALICIA<\/b>. Atenci\u00f3n psicol\u00f3gica individual y grupal a familiares y usuarios. Realizaci\u00f3n de talleres psicoeducativos y grupos de autoayuda para familiares y usuarios.<\/p><p style=\"line-height: normal; margin: 6.0pt 0cm 6.0pt 0cm;\"><span style=\"background-color: var(--base-3); color: var(--contrast);\">2004-2005. <\/span><b style=\"background-color: var(--base-3); color: var(--contrast);\">Psic\u00f3loga en Ayuntamiento de Ordes.<\/b><span style=\"background-color: var(--base-3); color: var(--contrast);\"> Atenci\u00f3n psicolog\u00eda individual y\u00a0<\/span><span style=\"background-color: var(--base-3); color: var(--contrast);\">\u00a0grupal.\u00a0\u00a0<\/span><\/p><p style=\"line-height: normal; margin: 6.0pt 0cm 6.0pt 0cm;\">\u00a0<\/p>\t\t\t\t\t\t\t\t<\/div>\n\t\t\t\t<\/div>\n\t\t\t\t\t<\/div>\n\t\t<\/div>\n\t\t\t\t\t<\/div>\n\t\t<\/section>\n\t\t\t\t<section class=\"elementor-section elementor-top-section elementor-element elementor-element-e320bf3 elementor-section-full_width elementor-section-height-default elementor-section-height-default\" data-id=\"e320bf3\" data-element_type=\"section\" data-e-type=\"section\" data-settings=\"{&quot;shape_divider_bottom&quot;:&quot;opacity-tilt&quot;}\">\n\t\t\t\t\t<div class=\"elementor-shape elementor-shape-bottom\" aria-hidden=\"true\" data-negative=\"false\">\n\t\t\t<svg xmlns=\"http:\/\/www.w3.org\/2000\/svg\" viewBox=\"0 0 2600 131.1\" preserveAspectRatio=\"none\">\n\t<path class=\"elementor-shape-fill\" d=\"M0 0L2600 0 2600 69.1 0 0z\"\/>\n\t<path class=\"elementor-shape-fill\" style=\"opacity:0.5\" d=\"M0 0L2600 0 2600 69.1 0 69.1z\"\/>\n\t<path class=\"elementor-shape-fill\" style=\"opacity:0.25\" d=\"M2600 0L0 0 0 130.1 2600 69.1z\"\/>\n<\/svg>\t\t<\/div>\n\t\t\t\t\t<div class=\"elementor-container elementor-column-gap-default\">\n\t\t\t\t\t<div class=\"elementor-column elementor-col-100 elementor-top-column elementor-element elementor-element-019e5f7\" data-id=\"019e5f7\" data-element_type=\"column\" data-e-type=\"column\">\n\t\t\t<div class=\"elementor-widget-wrap elementor-element-populated\">\n\t\t\t\t\t\t<div class=\"elementor-element elementor-element-bbfcd86 elementor-widget elementor-widget-heading\" data-id=\"bbfcd86\" data-element_type=\"widget\" data-e-type=\"widget\" data-widget_type=\"heading.default\">\n\t\t\t\t<div class=\"elementor-widget-container\">\n\t\t\t\t\t<h2 class=\"elementor-heading-title elementor-size-default\"><b>FORMACI\u00d3N ESPECIALIZADA EN ADULTOS<\/b><\/h2>\t\t\t\t<\/div>\n\t\t\t\t<\/div>\n\t\t\t\t\t<\/div>\n\t\t<\/div>\n\t\t\t\t\t<\/div>\n\t\t<\/section>\n\t\t\t\t<section class=\"elementor-section elementor-top-section elementor-element elementor-element-a9abec7 elementor-section-boxed elementor-section-height-default elementor-section-height-default\" data-id=\"a9abec7\" data-element_type=\"section\" data-e-type=\"section\">\n\t\t\t\t\t\t<div class=\"elementor-container elementor-column-gap-default\">\n\t\t\t\t\t<div class=\"elementor-column elementor-col-100 elementor-top-column elementor-element elementor-element-3ab2cf8\" data-id=\"3ab2cf8\" data-element_type=\"column\" data-e-type=\"column\">\n\t\t\t<div class=\"elementor-widget-wrap elementor-element-populated\">\n\t\t\t\t\t\t<div class=\"elementor-element elementor-element-863a778 elementor-widget elementor-widget-text-editor\" data-id=\"863a778\" data-element_type=\"widget\" data-e-type=\"widget\" data-widget_type=\"text-editor.default\">\n\t\t\t\t<div class=\"elementor-widget-container\">\n\t\t\t\t\t\t\t\t\t<p style=\"line-height: normal; margin: 6.0pt 0cm 6.0pt 0cm;\">\u00a0<span style=\"color: var(--contrast); background-color: var(--base-3);\">2007. <\/span><b style=\"color: var(--contrast); background-color: var(--base-3);\">\u00a0Intervenci\u00f3n familiar en trastorno l\u00edmite de personalidad<\/b><span style=\"color: var(--contrast); background-color: var(--base-3);\">. Organizado por psiquiatria.com (90 horas)<\/span><\/p><p style=\"line-height: normal; mso-layout-grid-align: none; text-autospace: none; margin: 6.0pt 0cm 6.0pt 0cm;\">2007 <b>.Abordaje del trastorno l\u00edmite de personalidad<\/b>. Organizado por psiquiatria.com (90 horas)<\/p><p style=\"line-height: normal; margin: 6.0pt 0cm 6.0pt 0cm;\">2009<b>. Jornadas de terapia de supervivencia y valoraci\u00f3n integral nos casos de violencia de g\u00e9nero.<\/b> Colexio Oficial de Psicoloxia( 16 horas)<\/p><p style=\"line-height: normal; margin: 6.0pt 0cm 6.0pt 0cm;\">2007 . <b>Igualdad de oportunidades entre mujeres y hombres: aplicaci\u00f3n practica en Servicios Sociales, en materia jur\u00eddica y\u00a0 empleo y conciliaci\u00f3n..\u00a0<\/b>Ministerio de Igualdad e Instituto de la Mujer.\u00a0<\/p><p style=\"line-height: normal; margin: 6.0pt 0cm 6.0pt 0cm;\">2020. <b>Trauma complejo y disociaci\u00f3n en tiempos de Covid<\/b>. Asociaci\u00f3n EMDR.<\/p><p style=\"line-height: normal; margin: 6.0pt 0cm 6.0pt 0cm;\">2020. <b>Abordaje psicoterap\u00e9utico de la dependencia interpersonal y los problemas de apego en adultos<\/b>\u00bb Organizado por COP Galicia.<\/p><p style=\"line-height: normal; margin: 6.0pt 0cm 6.0pt 0cm;\"><span style=\"background-color: var(--base-3); color: var(--contrast);\">2021. <\/span><b style=\"background-color: var(--base-3); color: var(--contrast);\">Trastornos alimentarios y EMDR<\/b><span style=\"background-color: var(--base-3); color: var(--contrast);\">, organizado por Natalia Seij0.<\/span><\/p><p style=\"line-height: normal; margin: 6.0pt 0cm 6.0pt 0cm;\">2021. <strong>Regulaci\u00f3n emocional en pacientes desregulados emocionadamente con EMDR.<\/strong> Asociaci\u00f3n EMDR.<\/p>\t\t\t\t\t\t\t\t<\/div>\n\t\t\t\t<\/div>\n\t\t\t\t\t<\/div>\n\t\t<\/div>\n\t\t\t\t\t<\/div>\n\t\t<\/section>\n\t\t\t\t<section class=\"elementor-section elementor-top-section elementor-element elementor-element-079efb7 elementor-section-boxed elementor-section-height-default elementor-section-height-default\" data-id=\"079efb7\" data-element_type=\"section\" data-e-type=\"section\" data-settings=\"{&quot;shape_divider_bottom&quot;:&quot;opacity-tilt&quot;}\">\n\t\t\t\t\t<div class=\"elementor-shape elementor-shape-bottom\" aria-hidden=\"true\" data-negative=\"false\">\n\t\t\t<svg xmlns=\"http:\/\/www.w3.org\/2000\/svg\" viewBox=\"0 0 2600 131.1\" preserveAspectRatio=\"none\">\n\t<path class=\"elementor-shape-fill\" d=\"M0 0L2600 0 2600 69.1 0 0z\"\/>\n\t<path class=\"elementor-shape-fill\" style=\"opacity:0.5\" d=\"M0 0L2600 0 2600 69.1 0 69.1z\"\/>\n\t<path class=\"elementor-shape-fill\" style=\"opacity:0.25\" d=\"M2600 0L0 0 0 130.1 2600 69.1z\"\/>\n<\/svg>\t\t<\/div>\n\t\t\t\t\t<div class=\"elementor-container elementor-column-gap-default\">\n\t\t\t\t\t<div class=\"elementor-column elementor-col-100 elementor-top-column elementor-element elementor-element-286ed52\" data-id=\"286ed52\" data-element_type=\"column\" data-e-type=\"column\">\n\t\t\t<div class=\"elementor-widget-wrap elementor-element-populated\">\n\t\t\t\t\t\t<div class=\"elementor-element elementor-element-a03abda elementor-widget elementor-widget-heading\" data-id=\"a03abda\" data-element_type=\"widget\" data-e-type=\"widget\" data-widget_type=\"heading.default\">\n\t\t\t\t<div class=\"elementor-widget-container\">\n\t\t\t\t\t<h2 class=\"elementor-heading-title elementor-size-default\"><b>FORMACI\u00d3N ESPECIALIZADA EN INFANCIA<\/b><\/h2>\t\t\t\t<\/div>\n\t\t\t\t<\/div>\n\t\t\t\t\t<\/div>\n\t\t<\/div>\n\t\t\t\t\t<\/div>\n\t\t<\/section>\n\t\t\t\t<section class=\"elementor-section elementor-top-section elementor-element elementor-element-2eb9820 elementor-section-boxed elementor-section-height-default elementor-section-height-default\" data-id=\"2eb9820\" data-element_type=\"section\" data-e-type=\"section\">\n\t\t\t\t\t\t<div class=\"elementor-container elementor-column-gap-default\">\n\t\t\t\t\t<div class=\"elementor-column elementor-col-100 elementor-top-column elementor-element elementor-element-86cae50\" data-id=\"86cae50\" data-element_type=\"column\" data-e-type=\"column\">\n\t\t\t<div class=\"elementor-widget-wrap elementor-element-populated\">\n\t\t\t\t\t\t<div class=\"elementor-element elementor-element-9408fe8 elementor-widget elementor-widget-text-editor\" data-id=\"9408fe8\" data-element_type=\"widget\" data-e-type=\"widget\" data-widget_type=\"text-editor.default\">\n\t\t\t\t<div class=\"elementor-widget-container\">\n\t\t\t\t\t\t\t\t\t<p style=\"line-height: normal; mso-layout-grid-align: none; text-autospace: none; margin: 6.0pt 0cm 6.0pt 0cm;\">2013. <b>Impacto de la violencia de g\u00e9nero en ni\u00f1os, ni\u00f1as y adolescentes<\/b>. Secretar\u00eda Xeral de Igualdade.&nbsp;<\/p>\n<p style=\"line-height: normal; margin: 6.0pt 0cm 6.0pt 0cm;\">2014. <b>El dibujo como herramienta diagnostico en ni\u00f1os\/as y adolescentes<\/b> Colegio Oficial de Psicolog\u00eda&nbsp;<\/p>\n<p style=\"line-height: normal; margin: 6.0pt 0cm 6.0pt 0cm;\">2015 . <b>La hora de juego diagn\u00f3stico<\/b>. Psimatica( 50 horas)<\/p>\n<p style=\"line-height: normal; mso-layout-grid-align: none; text-autospace: none; margin: 6.0pt 0cm 6.0pt 0cm;\">2016. <b>Evaluaci\u00f3n e intervenci\u00f3n en dislexia. <\/b>COP ( 12 horas)<\/p>\n<p style=\"line-height: normal; mso-layout-grid-align: none; text-autospace: none; margin: 6.0pt 0cm 6.0pt 0cm;\">2016. <b>Taller de evaluaci\u00f3n y diagn\u00f3stico de dificultades de aprendizaje .<\/b> INTEGRATEK&nbsp;<\/p>\n<p style=\"line-height: normal; margin: 6.0pt 0cm 6.0pt 0cm;\">2019.&nbsp; <b>La Caja de arena como herramienta diagn\u00f3stica y terap\u00e9utica<\/b>. Grupo Laberinto<\/p>\n<p style=\"line-height: normal; margin: 6.0pt 0cm 6.0pt 0cm;\">2019<b>.<\/b> <b>T\u00e9cnicas proyectivas<\/b>( &nbsp;HTP, Test de la familia, Test de Persona bajo la lluvia,&nbsp; ). Grupo Laberinto.<\/p>\n<p style=\"line-height: normal; margin: 6.0pt 0cm 6.0pt 0cm;\">2020.<b> El apego en el contexto de intervenci\u00f3n en la infancia<\/b>. Colegio Oficial de Psicolog\u00eda.<\/p>\n<p style=\"line-height: normal; margin: 6.0pt 0cm 6.0pt 0cm;\">2021. <b>Jornadas sobre terapia de juego y Emdr.<\/b> Asociaci\u00f3n EMDR.<\/p>\n<p style=\"line-height: normal; margin: 6.0pt 0cm 6.0pt 0cm;\"><span style=\"background-color: var(--base-3); color: var(--contrast);\">2021.<b> Jornadas de adopci\u00f3n y apego. Intervenci\u00f3n multidisciplinar basadas en el apego. <\/b>Asociaci\u00f3n AMAINA<b>.<\/b><\/span><\/p>\n<p style=\"line-height: normal; margin: 6.0pt 0cm 6.0pt 0cm;\"><span style=\"background-color: var(--base-3); color: var(--contrast);\">2021.<b> Fomentando la regulaci\u00f3n emocional en el contexto familiar: desarrollando recursos parentales. <\/b>Asociaci\u00f3n Emdr<\/span><\/p>\n<p style=\"line-height: normal; margin: 6.0pt 0cm 6.0pt 0cm;\"><span style=\"background-color: var(--base-3); color: var(--contrast);\">2021. <b>Jornadas <\/b><\/span><span style=\"color: var(--contrast); background-color: var(--base-3);\"><b>Trauma y resiliencia : deserendando hilos en adversidad temprana<\/b>&nbsp;.Asociaci\u00f3n ATLAS<\/span><\/p>\n<p style=\"line-height: normal; margin: 6.0pt 0cm 6.0pt 0cm;\"><span style=\"background-color: var(--base-3); color: var(--contrast);\">2021.&nbsp;<\/span><b style=\"color: var(--contrast); background-color: var(--base-3);\">Curso de especializaci\u00f3n en&nbsp; atenci\u00f3n integral a v\u00edctimas de tortura y otras violaciones de los derechos humanos.&nbsp; <\/b><span style=\"color: var(--contrast); background-color: var(--base-3);\">Organizado por Jorge Barudy y Maryorie Dantangan en Formaci\u00f3n Exil.<\/span><\/p>\n<p style=\"line-height: normal; margin: 6.0pt 0cm 6.0pt 0cm;\">2022.<b> La neurobiolog\u00eda del maltrato infantil.<\/b> Asociaci\u00f3n emdr.<\/p>\t\t\t\t\t\t\t\t<\/div>\n\t\t\t\t<\/div>\n\t\t\t\t\t<\/div>\n\t\t<\/div>\n\t\t\t\t\t<\/div>\n\t\t<\/section>\n\t\t\t\t<section class=\"elementor-section elementor-top-section elementor-element elementor-element-6cd37454 elementor-section-stretched elementor-section-full_width elementor-section-height-default elementor-section-height-default\" data-id=\"6cd37454\" data-element_type=\"section\" data-e-type=\"section\" data-settings=\"{&quot;stretch_section&quot;:&quot;section-stretched&quot;,&quot;background_background&quot;:&quot;classic&quot;}\">\n\t\t\t\t\t\t<div class=\"elementor-container elementor-column-gap-default\">\n\t\t\t\t\t<div class=\"elementor-column elementor-col-50 elementor-top-column elementor-element elementor-element-3b8391e3\" data-id=\"3b8391e3\" data-element_type=\"column\" data-e-type=\"column\">\n\t\t\t<div class=\"elementor-widget-wrap elementor-element-populated\">\n\t\t\t\t\t\t<div class=\"elementor-element elementor-element-46850877 elementor-widget elementor-widget-heading\" data-id=\"46850877\" data-element_type=\"widget\" data-e-type=\"widget\" data-widget_type=\"heading.default\">\n\t\t\t\t<div class=\"elementor-widget-container\">\n\t\t\t\t\t<h1 class=\"elementor-heading-title elementor-size-default\"><b>Escribe sin compromiso<\/b><\/h1>\t\t\t\t<\/div>\n\t\t\t\t<\/div>\n\t\t\t\t<div class=\"elementor-element elementor-element-1590f2bf elementor-widget elementor-widget-heading\" data-id=\"1590f2bf\" data-element_type=\"widget\" data-e-type=\"widget\" data-widget_type=\"heading.default\">\n\t\t\t\t<div class=\"elementor-widget-container\">\n\t\t\t\t\t<h3 class=\"elementor-heading-title elementor-size-large\">D\u00f3nde estoy<\/h3>\t\t\t\t<\/div>\n\t\t\t\t<\/div>\n\t\t\t\t<div class=\"elementor-element elementor-element-ec9c0bb elementor-widget elementor-widget-text-editor\" data-id=\"ec9c0bb\" data-element_type=\"widget\" data-e-type=\"widget\" data-widget_type=\"text-editor.default\">\n\t\t\t\t<div class=\"elementor-widget-container\">\n\t\t\t\t\t\t\t\t\t<p>Calle Galeras, 13, 3\u00aa Planta, Oficina G<\/p><p>( Santiago de Compostela)<\/p>\t\t\t\t\t\t\t\t<\/div>\n\t\t\t\t<\/div>\n\t\t\t\t<div class=\"elementor-element elementor-element-36bca14 elementor-widget elementor-widget-heading\" data-id=\"36bca14\" data-element_type=\"widget\" data-e-type=\"widget\" data-widget_type=\"heading.default\">\n\t\t\t\t<div class=\"elementor-widget-container\">\n\t\t\t\t\t<h2 class=\"elementor-heading-title elementor-size-default\">Horario de atenci\u00f3n<\/h2>\t\t\t\t<\/div>\n\t\t\t\t<\/div>\n\t\t\t\t<div class=\"elementor-element elementor-element-72b792d5 elementor-widget elementor-widget-text-editor\" data-id=\"72b792d5\" data-element_type=\"widget\" data-e-type=\"widget\" data-widget_type=\"text-editor.default\">\n\t\t\t\t<div class=\"elementor-widget-container\">\n\t\t\t\t\t\t\t\t\t<h6><b>Lunes a Viernes con cita previa<\/b><\/h6><p>10.00 a 14.00<\/p><p>16.00 a 20.00<\/p><p>\u00a0<\/p>\t\t\t\t\t\t\t\t<\/div>\n\t\t\t\t<\/div>\n\t\t\t\t<div class=\"elementor-element elementor-element-42dbf030 elementor-widget elementor-widget-heading\" data-id=\"42dbf030\" data-element_type=\"widget\" data-e-type=\"widget\" data-widget_type=\"heading.default\">\n\t\t\t\t<div class=\"elementor-widget-container\">\n\t\t\t\t\t<h2 class=\"elementor-heading-title elementor-size-large\">Tel\u00e9fono <br><\/h2>\t\t\t\t<\/div>\n\t\t\t\t<\/div>\n\t\t\t\t<div class=\"elementor-element elementor-element-5ef3908f elementor-widget elementor-widget-heading\" data-id=\"5ef3908f\" data-element_type=\"widget\" data-e-type=\"widget\" data-widget_type=\"heading.default\">\n\t\t\t\t<div class=\"elementor-widget-container\">\n\t\t\t\t\t<h2 class=\"elementor-heading-title elementor-size-small\">615.34.17.16<\/h2>\t\t\t\t<\/div>\n\t\t\t\t<\/div>\n\t\t\t\t<div class=\"elementor-element elementor-element-1c3f9d51 elementor-widget elementor-widget-heading\" data-id=\"1c3f9d51\" data-element_type=\"widget\" data-e-type=\"widget\" data-widget_type=\"heading.default\">\n\t\t\t\t<div class=\"elementor-widget-container\">\n\t\t\t\t\t<h2 class=\"elementor-heading-title elementor-size-large\">Correo electr\u00f3nico<br><\/h2>\t\t\t\t<\/div>\n\t\t\t\t<\/div>\n\t\t\t\t<div class=\"elementor-element elementor-element-32d351e2 elementor-widget elementor-widget-heading\" data-id=\"32d351e2\" data-element_type=\"widget\" data-e-type=\"widget\" data-widget_type=\"heading.default\">\n\t\t\t\t<div class=\"elementor-widget-container\">\n\t\t\t\t\t<h2 class=\"elementor-heading-title elementor-size-small\">contacto@beatrizguerrapsicologia.es<\/h2>\t\t\t\t<\/div>\n\t\t\t\t<\/div>\n\t\t\t\t\t<\/div>\n\t\t<\/div>\n\t\t\t\t<div class=\"elementor-column elementor-col-50 elementor-top-column elementor-element elementor-element-475b465\" data-id=\"475b465\" data-element_type=\"column\" data-e-type=\"column\">\n\t\t\t<div class=\"elementor-widget-wrap elementor-element-populated\">\n\t\t\t\t\t\t<div class=\"elementor-element elementor-element-72af3033 eael-contact-form-7-button-align-left eael-contact-form-7-button-custom elementor-widget elementor-widget-eael-contact-form-7\" data-id=\"72af3033\" data-element_type=\"widget\" data-e-type=\"widget\" data-widget_type=\"eael-contact-form-7.default\">\n\t\t\t\t<div class=\"elementor-widget-container\">\n\t\t\t\t\t<div class=\"eael-contact-form-7-wrapper\">\n                <div class=\"eael-contact-form eael-contact-form-7 eael-contact-form-72af3033 placeholder-show eael-contact-form-align-center\">\n<div class=\"wpcf7 no-js\" id=\"wpcf7-f1840-o1\" lang=\"es-ES\" dir=\"ltr\" data-wpcf7-id=\"1840\">\n<div class=\"screen-reader-response\"><p role=\"status\" aria-live=\"polite\" aria-atomic=\"true\"><\/p> <ul><\/ul><\/div>\n<form action=\"\/index.php?rest_route=%2Fwp%2Fv2%2Fpages%2F3499#wpcf7-f1840-o1\" method=\"post\" class=\"wpcf7-form init\" aria-label=\"Formulario de contacto\" novalidate=\"novalidate\" data-status=\"init\">\n<fieldset class=\"hidden-fields-container\"><input type=\"hidden\" name=\"_wpcf7\" value=\"1840\" \/><input type=\"hidden\" name=\"_wpcf7_version\" value=\"6.1.5\" \/><input type=\"hidden\" name=\"_wpcf7_locale\" value=\"es_ES\" \/><input type=\"hidden\" name=\"_wpcf7_unit_tag\" value=\"wpcf7-f1840-o1\" \/><input type=\"hidden\" name=\"_wpcf7_container_post\" value=\"0\" \/><input type=\"hidden\" name=\"_wpcf7_posted_data_hash\" value=\"\" \/><input type=\"hidden\" name=\"_wpcf7_recaptcha_response\" value=\"\" \/>\n<\/fieldset>\n<p><label> Tu nombre<br \/>\n<span class=\"wpcf7-form-control-wrap\" data-name=\"your-name\"><input size=\"40\" maxlength=\"400\" class=\"wpcf7-form-control wpcf7-text wpcf7-validates-as-required\" aria-required=\"true\" aria-invalid=\"false\" value=\"\" type=\"text\" name=\"your-name\" \/><\/span> <\/label>\n<\/p>\n<p><label> Tu correo electr\u00f3nico<br \/>\n<span class=\"wpcf7-form-control-wrap\" data-name=\"your-email\"><input size=\"40\" maxlength=\"400\" class=\"wpcf7-form-control wpcf7-email wpcf7-validates-as-required wpcf7-text wpcf7-validates-as-email\" aria-required=\"true\" aria-invalid=\"false\" value=\"\" type=\"email\" name=\"your-email\" \/><\/span> <\/label>\n<\/p>\n<p><label> Asunto<br \/>\n<span class=\"wpcf7-form-control-wrap\" data-name=\"your-subject\"><input size=\"40\" maxlength=\"400\" class=\"wpcf7-form-control wpcf7-text wpcf7-validates-as-required\" aria-required=\"true\" aria-invalid=\"false\" value=\"\" type=\"text\" name=\"your-subject\" \/><\/span> <\/label>\n<\/p>\n<p><label> Tu mensaje (opcional)<br \/>\n<span class=\"wpcf7-form-control-wrap\" data-name=\"your-message\"><textarea cols=\"40\" rows=\"10\" maxlength=\"2000\" class=\"wpcf7-form-control wpcf7-textarea\" aria-invalid=\"false\" name=\"your-message\"><\/textarea><\/span> <\/label>\n<\/p>\n<p><input class=\"wpcf7-form-control wpcf7-submit has-spinner\" type=\"submit\" value=\"Enviar\" \/><br \/>\n<span class=\"wpcf7-form-control-wrap\" data-name=\"Privacidad\"><span class=\"wpcf7-form-control wpcf7-acceptance\"><span class=\"wpcf7-list-item\"><label><input type=\"checkbox\" name=\"Privacidad\" value=\"1\" aria-invalid=\"false\" \/><span class=\"wpcf7-list-item-label\">He le\u00eddo y acepto la <a href=\u00bbhttps:\/\/beatrizguerrapsicologia.com\/politica-de-privacidad\/\u00bb>Pol\u00edtica de privacidad<\/a><\/span><\/label><\/span><\/span><\/span>\n<\/p><div class=\"wpcf7-response-output\" aria-hidden=\"true\"><\/div>\n<\/form>\n<\/div>\n<\/div>\n            <\/div>\t\t\t\t<\/div>\n\t\t\t\t<\/div>\n\t\t\t\t\t<\/div>\n\t\t<\/div>\n\t\t\t\t\t<\/div>\n\t\t<\/section>\n\t\t\t\t<\/div>\n\t\t","protected":false},"excerpt":{"rendered":"<p>CURRICULUM VITAE FORMACI\u00d3N ACAD\u00c9MICA 1995-2000. Licenciada en Psicolog\u00eda. Universidad de Santiago de Compostela. Habilitaci\u00f3n Sanitaria. 2001-2003.\u00a0 Programa de doctorado en el departamento de Personalidad, Evaluaci\u00f3n y Tratamiento Psicol\u00f3gicos. 2009-2014. Terapeuta Familiar. Homologado por la Federaci\u00f3n Espa\u00f1ola de Terapeutas Familiares. 2019-2021. Nivel I y II EMDR adultos.\u00a0 2021. Nivel I EMDR ni\u00f1os.\u00a0 EXPERIENCIA PROFESIONAL 2019-2021.Psic\u00f3loga en &#8230; <a title=\"Cv\" class=\"read-more\" href=\"https:\/\/www.beatrizguerrapsicologia.es\/?page_id=3499\" aria-label=\"Leer m\u00e1s sobre Cv\">Leer m\u00e1s<\/a><\/p>\n","protected":false},"author":1,"featured_media":0,"parent":0,"menu_order":0,"comment_status":"closed","ping_status":"closed","template":"elementor_header_footer","meta":{"footnotes":""},"class_list":["post-3499","page","type-page","status-publish"],"_links":{"self":[{"href":"https:\/\/www.beatrizguerrapsicologia.es\/index.php?rest_route=\/wp\/v2\/pages\/3499","targetHints":{"allow":["GET"]}}],"collection":[{"href":"https:\/\/www.beatrizguerrapsicologia.es\/index.php?rest_route=\/wp\/v2\/pages"}],"about":[{"href":"https:\/\/www.beatrizguerrapsicologia.es\/index.php?rest_route=\/wp\/v2\/types\/page"}],"author":[{"embeddable":true,"href":"https:\/\/www.beatrizguerrapsicologia.es\/index.php?rest_route=\/wp\/v2\/users\/1"}],"replies":[{"embeddable":true,"href":"https:\/\/www.beatrizguerrapsicologia.es\/index.php?rest_route=%2Fwp%2Fv2%2Fcomments&post=3499"}],"version-history":[{"count":42,"href":"https:\/\/www.beatrizguerrapsicologia.es\/index.php?rest_route=\/wp\/v2\/pages\/3499\/revisions"}],"predecessor-version":[{"id":5293,"href":"https:\/\/www.beatrizguerrapsicologia.es\/index.php?rest_route=\/wp\/v2\/pages\/3499\/revisions\/5293"}],"wp:attachment":[{"href":"https:\/\/www.beatrizguerrapsicologia.es\/index.php?rest_route=%2Fwp%2Fv2%2Fmedia&parent=3499"}],"curies":[{"name":"wp","href":"https:\/\/api.w.org\/{rel}","templated":true}]}}